{"id":15,"date":"2016-09-02T15:32:07","date_gmt":"2016-09-02T15:32:07","guid":{"rendered":"http:\/\/eventos.coc.pt\/piom2018\/?page_id=15"},"modified":"2023-03-01T18:46:12","modified_gmt":"2023-03-01T18:46:12","slug":"escaloes","status":"publish","type":"page","link":"http:\/\/eventos.coc.pt\/24gpra4\/escaloes\/","title":{"rendered":"Escal\u00f5es"},"content":{"rendered":"<p><strong>Estafeta da Amizade<\/strong><\/p>\n<p>Escal\u00f5es em linha com partidas com esta\u00e7\u00e3o Start, para quem n\u00e3o integra equipa de estafetas, por limita\u00e7\u00e3o de idade (at\u00e9 aos 12 anos), ou por op\u00e7\u00e3o (Abertos).<\/p>\n<p><strong>Escolas Todos (ambos os g\u00e9neros)<\/strong> (at\u00e9 10 anos) \u2013 Principiantes \u2013 Percurso Branco<\/p>\n<p><strong>Infantis Todos (ambos os g\u00e9neros)<\/strong> (at\u00e9 12 anos) \u2013 Principiantes m\u00e9dio\u2013 Percurso Amarelo<\/p>\n<p><strong>Aberto Amarelo<\/strong> \u2013 Principiantes m\u00e9dio<\/p>\n<p><strong>Aberto Laranja<\/strong> \u2013 M\u00e9dio avan\u00e7ado (j\u00e1 necess\u00e1rios alguns conhecimentos de leitura de mapa e t\u00e9cnicas de navega\u00e7\u00e3o, ainda que os pontos de controlo estejam colocados junto a referencias lineares).<\/p>\n<p><strong><u>Equipas de Estafeta<\/u><\/strong><\/p>\n<p><strong>Jovens<\/strong> \u2013 dos 14 aos 18 anos (completam 14 e 18 anos at\u00e9 31 dezembro 2023)<\/p>\n<p><strong>Seniores<\/strong> \u2013 dos 19 aos 39 anos (completam 19 e 39 anos at\u00e9 31 dezembro 2023)<\/p>\n<p><strong>Veteranos<\/strong> \u2013 40 ou mais anos de idade (completam 40 anos at\u00e9 31 dezembro 2023)<\/p>\n<p><strong>Prova de Floresta<\/strong><\/p>\n<p><strong>Partida em linha <\/strong><\/p>\n<p><strong>Escolas Todos \u2013 Percurso Branco\u00a0 (ambos os g\u00e9neros)<\/strong> (completam 10 anos at\u00e9 31 dezembro 2023) \u2013 obrigatoriamente acompanhados por um adulto)<\/p>\n<p><strong>Infantis Todos \u2013 Percurso Amarelo (ambos os g\u00e9neros)<\/strong> \u00a0(mais de 10 anos e completam 12 anos at\u00e9 31 dezembro 2023)<\/p>\n<p><strong>Aberto 1 &#8211; Percurso Branco (F\u00e1cil Curto)<\/strong> \u2013 Participa\u00e7\u00e3o individual ou em grupo com idade superior a 10 anos<\/p>\n<p><strong>Aberto 2 \u2013 Percurso Amarelo (F\u00e1cil M\u00e9dio)<\/strong> &#8211; Participa\u00e7\u00e3o individual ou em grupo com idade superior a 12 anos<\/p>\n<p><strong>Aberto 3 \u2013 Percurso Laranja\u00a0 (Dificuldade M\u00e9dia &#8211; <\/strong>j\u00e1 necess\u00e1rios alguns conhecimentos de leitura de mapa e t\u00e9cnicas de navega\u00e7\u00e3o, ainda que os pontos de controlo estejam colocados junto a referencias lineares). &#8211; Participa\u00e7\u00e3o individual ou em grupo com idade superior a 15 anos<\/p>\n<p><strong>Partida em Massa<\/strong><\/p>\n<p><strong>Jovens I M\/F<\/strong> (completam 15 anos at\u00e9 31 dezembro 2023)<\/p>\n<p><strong>Jovens II M\/F<\/strong> (completam 18 anos at\u00e9 31 dezembro 2023)<\/p>\n<p><strong>Seniores M\/F<\/strong> (idade m\u00ednima de 19 anos a completar at\u00e9 31 dezembro 2023)<\/p>\n<p><strong>Vet Masc\/Fem I<\/strong> (a partir de 40 a completar at\u00e9 31 dezembro 2023 e at\u00e9 ao 54 at\u00e9 31 Dezembro 2023)<\/p>\n<p><strong>Vet Masc\/Fem II<\/strong> (a partir de 55 a completar at\u00e9 31 dezembro 2023)<\/p>\n","protected":false},"excerpt":{"rendered":"<p>Estafeta da Amizade Escal\u00f5es em linha com partidas com esta\u00e7\u00e3o Start, para quem n\u00e3o integra equipa de estafetas, por limita\u00e7\u00e3o de idade (at\u00e9 aos 12 anos), ou por op\u00e7\u00e3o (Abertos). Escolas Todos (ambos os g\u00e9neros) (at\u00e9 10 anos) \u2013 Principiantes \u2013 Percurso Branco Infantis Todos (ambos os g\u00e9neros) (at\u00e9 12 anos) \u2013 Principiantes m\u00e9dio\u2013 Percurso &hellip; <a href=\"http:\/\/eventos.coc.pt\/24gpra4\/escaloes\/\" class=\"more-link\">Continuar a ler <span class=\"screen-reader-text\">Escal\u00f5es<\/span><\/a><\/p>\n","protected":false},"author":1,"featured_media":0,"parent":0,"menu_order":11,"comment_status":"closed","ping_status":"closed","template":"","meta":{"footnotes":""},"class_list":["post-15","page","type-page","status-publish","hentry"],"_links":{"self":[{"href":"http:\/\/eventos.coc.pt\/24gpra4\/wp-json\/wp\/v2\/pages\/15","targetHints":{"allow":["GET"]}}],"collection":[{"href":"http:\/\/eventos.coc.pt\/24gpra4\/wp-json\/wp\/v2\/pages"}],"about":[{"href":"http:\/\/eventos.coc.pt\/24gpra4\/wp-json\/wp\/v2\/types\/page"}],"author":[{"embeddable":true,"href":"http:\/\/eventos.coc.pt\/24gpra4\/wp-json\/wp\/v2\/users\/1"}],"replies":[{"embeddable":true,"href":"http:\/\/eventos.coc.pt\/24gpra4\/wp-json\/wp\/v2\/comments?post=15"}],"version-history":[{"count":31,"href":"http:\/\/eventos.coc.pt\/24gpra4\/wp-json\/wp\/v2\/pages\/15\/revisions"}],"predecessor-version":[{"id":1052,"href":"http:\/\/eventos.coc.pt\/24gpra4\/wp-json\/wp\/v2\/pages\/15\/revisions\/1052"}],"wp:attachment":[{"href":"http:\/\/eventos.coc.pt\/24gpra4\/wp-json\/wp\/v2\/media?parent=15"}],"curies":[{"name":"wp","href":"https:\/\/api.w.org\/{rel}","templated":true}]}}