{"id":21,"date":"2016-09-02T15:32:45","date_gmt":"2016-09-02T15:32:45","guid":{"rendered":"http:\/\/eventos.coc.pt\/piom2018\/?page_id=21"},"modified":"2017-07-25T22:16:48","modified_gmt":"2017-07-25T22:16:48","slug":"organizacao","status":"publish","type":"page","link":"http:\/\/eventos.coc.pt\/piom2018\/en\/organizacao\/","title":{"rendered":"Organization"},"content":{"rendered":"<p><\/p>\n<div id=\"comp-is6e9qle\" class=\"s12\" data-reactid=\".0.$SITE_ROOT.$desktop_siteRoot.$PAGES_CONTAINER.1.1.$SITE_PAGES.$ofav6.1.$comp-is6e9qle\">\n<div id=\"comp-is6e9qle\" class=\"s12\" data-reactid=\".0.$SITE_ROOT.$desktop_siteRoot.$PAGES_CONTAINER.1.1.$SITE_PAGES.$ofav6.1.$comp-is6e9qle\">\n<p class=\"font_2\"><span style=\"font-family: helvetica, arial, sans-serif;\"><strong>Clube de Orienta\u00e7\u00e3o do Centro (COC), C\u00e2mara Municipal de Penamacor and Federa\u00e7\u00e3o Portuguesa de Orienta\u00e7\u00e3o<\/strong><\/span><\/p>\n<\/div>\n<div id=\"comp-is6e9qlf\" class=\"s12\" data-reactid=\".0.$SITE_ROOT.$desktop_siteRoot.$PAGES_CONTAINER.1.1.$SITE_PAGES.$ofav6.1.$comp-is6e9qlf\">\n<p class=\"font_8\"><span class=\"color_11\" style=\"font-family: helvetica, arial, sans-serif;\"><strong>Event director:<\/strong>\u00a0Jos\u00e9 Bolr\u00e3o<\/span><\/p>\n<p class=\"font_8\"><span class=\"color_11\" style=\"font-family: helvetica, arial, sans-serif;\"><strong>Race Manager:<\/strong>\u00a0Rui Antunes<\/span><\/p>\n<p class=\"font_8\"><span class=\"color_11\" style=\"font-family: helvetica, arial, sans-serif;\"><strong>IOF Advisor:<\/strong>\u00a0Cripim Junior<\/span><\/p>\n<p class=\"font_8\"><span class=\"color_11\" style=\"font-family: helvetica, arial, sans-serif;\"><strong>Mapmaker:<\/strong>\u00a0Rui Antunes<\/span><\/p>\n<p class=\"font_8\"><span class=\"color_11\" style=\"font-family: helvetica, arial, sans-serif;\"><strong>Courses setters:<\/strong>\u00a0Rui Antunes: Longa e M\u00e9dia &#8211; Patr\u00edcia Casalinho:\u00a0Sprint<\/span><\/p>\n<p class=\"font_8\"><span class=\"color_11\" style=\"font-family: helvetica, arial, sans-serif;\"><strong>IT Managers:<\/strong>\u00a0Rui Bot\u00e3o and Susana Domingos<\/span><\/p>\n<p class=\"font_8\"><span class=\"color_11\" style=\"font-family: helvetica, arial, sans-serif;\"><strong>Web and On-line OASIS Entries:<\/strong>\u00a0Paulo Franco<\/span><\/p>\n<p class=\"font_8\"><span class=\"color_11\" style=\"font-family: helvetica, arial, sans-serif;\"><strong>Secretariat:<\/strong>\u00a0Paulo Olaio<\/span><\/p>\n<p class=\"font_8\"><span class=\"color_11\" style=\"font-family: helvetica, arial, sans-serif;\"><strong>Arena:<\/strong>\u00a0Carlos Monteiro<\/span><\/p>\n<p class=\"font_8\"><span class=\"color_11\" style=\"font-family: helvetica, arial, sans-serif;\"><strong>Logistics:<\/strong>\u00a0Manuel Domingues e Catarina Castel\u00e3o<\/span><\/p>\n<p class=\"font_8\"><span class=\"color_11\" style=\"font-family: helvetica, arial, sans-serif;\"><strong>Finish:<\/strong>\u00a0Nuno Ferreira<\/span><\/p>\n<p class=\"font_8\"><span class=\"color_11\" style=\"font-family: helvetica, arial, sans-serif;\"><strong>Starts:<\/strong>\u00a0Il\u00eddio Coelho e Jorge Almeida<\/span><\/p>\n<p class=\"font_8\"><span class=\"color_11\" style=\"font-family: helvetica, arial, sans-serif;\"><strong>Baby Sitting:<\/strong>\u00a0Marisa Barroso &#8211; Ori Anima<\/span><\/p>\n<p class=\"font_8\"><span class=\"color_11\" style=\"font-family: helvetica, arial, sans-serif;\"><strong>Bar Service:<\/strong>\u00a0Isabel Monteiro<\/span><\/p>\n<p class=\"font_8\"><span class=\"color_11\" style=\"font-family: helvetica, arial, sans-serif;\"><strong>Parkings:<\/strong>\u00a0Jorge Silva<\/span><\/p>\n<p class=\"font_8\"><span class=\"color_11\" style=\"font-family: helvetica, arial, sans-serif;\"><strong>Traffic Manager:<\/strong>\u00a0Ant\u00f3nio Cotovio<\/span><\/p>\n<p class=\"font_8\"><span class=\"color_11\" style=\"font-family: helvetica, arial, sans-serif;\"><strong>Image and Media:<\/strong>\u00a0Leonel Vieito<\/span><\/p>\n<\/div>\n<\/div>\n<p><\/p>","protected":false},"excerpt":{"rendered":"<p>Clube de Orienta\u00e7\u00e3o do Centro (COC), C\u00e2mara Municipal de Penamacor and Federa\u00e7\u00e3o Portuguesa de Orienta\u00e7\u00e3o Event director:\u00a0Jos\u00e9 Bolr\u00e3o Race Manager:\u00a0Rui Antunes IOF Advisor:\u00a0Cripim Junior Mapmaker:\u00a0Rui Antunes Courses setters:\u00a0Rui Antunes: Longa e M\u00e9dia &#8211; Patr\u00edcia Casalinho:\u00a0Sprint IT Managers:\u00a0Rui Bot\u00e3o and Susana Domingos Web and On-line OASIS Entries:\u00a0Paulo Franco Secretariat:\u00a0Paulo Olaio Arena:\u00a0Carlos Monteiro Logistics:\u00a0Manuel Domingues e Catarina &hellip; <a href=\"http:\/\/eventos.coc.pt\/piom2018\/en\/organizacao\/\" class=\"more-link\">Continue reading <span class=\"screen-reader-text\">Organization<\/span><\/a><\/p>\n","protected":false},"author":1,"featured_media":0,"parent":0,"menu_order":8,"comment_status":"closed","ping_status":"closed","template":"","meta":{"footnotes":""},"class_list":["post-21","page","type-page","status-publish","hentry"],"_links":{"self":[{"href":"http:\/\/eventos.coc.pt\/piom2018\/en\/wp-json\/wp\/v2\/pages\/21","targetHints":{"allow":["GET"]}}],"collection":[{"href":"http:\/\/eventos.coc.pt\/piom2018\/en\/wp-json\/wp\/v2\/pages"}],"about":[{"href":"http:\/\/eventos.coc.pt\/piom2018\/en\/wp-json\/wp\/v2\/types\/page"}],"author":[{"embeddable":true,"href":"http:\/\/eventos.coc.pt\/piom2018\/en\/wp-json\/wp\/v2\/users\/1"}],"replies":[{"embeddable":true,"href":"http:\/\/eventos.coc.pt\/piom2018\/en\/wp-json\/wp\/v2\/comments?post=21"}],"version-history":[{"count":16,"href":"http:\/\/eventos.coc.pt\/piom2018\/en\/wp-json\/wp\/v2\/pages\/21\/revisions"}],"predecessor-version":[{"id":612,"href":"http:\/\/eventos.coc.pt\/piom2018\/en\/wp-json\/wp\/v2\/pages\/21\/revisions\/612"}],"wp:attachment":[{"href":"http:\/\/eventos.coc.pt\/piom2018\/en\/wp-json\/wp\/v2\/media?parent=21"}],"curies":[{"name":"wp","href":"https:\/\/api.w.org\/{rel}","templated":true}]}}