{"id":121,"date":"2016-09-10T06:38:12","date_gmt":"2016-09-10T06:38:12","guid":{"rendered":"http:\/\/eventos.coc.pt\/piom2018\/?page_id=121"},"modified":"2018-02-19T23:33:54","modified_gmt":"2018-02-19T23:33:54","slug":"fotos","status":"publish","type":"page","link":"http:\/\/eventos.coc.pt\/piom2018\/fotos\/","title":{"rendered":"Fotos"},"content":{"rendered":"<p><strong><span style=\"font-family: helvetica, arial, sans-serif;\">Fotos de Helder Ferreira:<\/span><\/strong><\/p>\n<p><a href=\"https:\/\/www.facebook.com\/helder.ferreira.528\/media_set?set=a.10156250675149571.1073741890.710439570&amp;type=3\"><span style=\"font-family: helvetica, arial, sans-serif;\">Dia 1 &#8211; Dist\u00e2ncia M\u00e9dia<\/span><\/a><\/p>\n<p><a href=\"https:\/\/www.facebook.com\/helder.ferreira.528\/media_set?set=a.10156250783734571.1073741891.710439570&amp;type=3\"><span style=\"font-family: helvetica, arial, sans-serif;\">Dia 1 &#8211; Sprint<\/span><\/a><\/p>\n<p><a href=\"https:\/\/www.facebook.com\/helder.ferreira.528\/media_set?set=a.10156250796169571.1073741892.710439570&amp;type=3\"><span style=\"font-family: helvetica, arial, sans-serif;\">Dia 2 &#8211; Dist\u00e2ncia Longa<\/span><\/a><\/p>\n<p><strong><span style=\"font-family: helvetica, arial, sans-serif;\">Fotos de Filipe Reinoite:<\/span><\/strong><\/p>\n<p><a href=\"https:\/\/www.facebook.com\/filipe.reinoite.3\/media_set?set=a.1816701755029996.1073741843.100000705688544&amp;type=3\"><span style=\"font-family: helvetica, arial, sans-serif;\">Dia 2 &#8211; Dist\u00e2ncia Longa &#8211; 1<\/span><\/a><\/p>\n<p><a href=\"https:\/\/www.facebook.com\/filipe.reinoite.3\/media_set?set=a.1816708221696016.1073741844.100000705688544&amp;type=3\"><span style=\"font-family: helvetica, arial, sans-serif;\">Dia 2 &#8211; Dist\u00e2ncia Longa &#8211; 2<\/span><\/a><\/p>\n<p><a href=\"https:\/\/www.facebook.com\/filipe.reinoite.3\/media_set?set=a.1816721825027989.1073741845.100000705688544&amp;type=3\"><span style=\"font-family: helvetica, arial, sans-serif;\">Dia 2 &#8211; Dist\u00e2ncia Longa &#8211; 3<\/span><\/a><\/p>\n<p><a href=\"https:\/\/www.facebook.com\/filipe.reinoite.3\/media_set?set=a.1816736081693230.1073741846.100000705688544&amp;type=3\"><span style=\"font-family: helvetica, arial, sans-serif;\">Dia 2 &#8211; Dist\u00e2ncia Longa &#8211; 4<\/span><\/a><\/p>\n<p><a href=\"https:\/\/www.facebook.com\/filipe.reinoite.3\/media_set?set=a.1816674648366040.1073741840.100000705688544&amp;type=3\"><span style=\"font-family: helvetica, arial, sans-serif;\">Dia 2 &#8211; Dist\u00e2ncia Longa &#8211; 5<\/span><\/a><\/p>\n<p><a href=\"https:\/\/www.facebook.com\/filipe.reinoite.3\/media_set?set=a.1816687685031403.1073741841.100000705688544&amp;type=3\"><span style=\"font-family: helvetica, arial, sans-serif;\">Dia 2 &#8211; Dist\u00e2ncia Longa &#8211; 6<\/span><\/a><\/p>\n<p><a href=\"https:\/\/www.facebook.com\/filipe.reinoite.3\/media_set?set=a.1816696158363889.1073741842.100000705688544&amp;type=3\"><span style=\"font-family: helvetica, arial, sans-serif;\">Dia 2 &#8211; Cerim\u00f3nia Entrega Pr\u00e9mios<\/span><\/a><\/p>\n<p><strong><span style=\"font-family: helvetica, arial, sans-serif;\">Fotos de C\u00e1tia Marques:<\/span><\/strong><\/p>\n<p><a href=\"https:\/\/www.facebook.com\/catia.marques.9085\/media_set?set=a.1816501911755587.1073741918.100001873866729&amp;type=3&amp;pnref=story.unseen-section\"><span style=\"font-family: helvetica, arial, sans-serif;\">PIOM 2018<\/span><\/a><\/p>\n<p><strong><span style=\"font-family: helvetica, arial, sans-serif;\">Fotos de C\u00e9sar Concei\u00e7\u00e3o:<\/span><\/strong><\/p>\n<p><a href=\"https:\/\/www.facebook.com\/cesar.conceicao.31\/media_set?set=a.10211349443519608.1073741847.1466616884&amp;type=3&amp;pnref=story.unseen-section\"><span style=\"font-family: helvetica, arial, sans-serif;\">PIOM 2018<\/span><\/a><\/p>\n<p><strong><span style=\"font-family: helvetica, arial, sans-serif;\">Fotos de Beira Baixa TV:<\/span><\/strong><\/p>\n<p><a href=\"https:\/\/www.facebook.com\/pg\/beirabaixatv\/photos\/?tab=album&amp;album_id=1979505142079429\"><span style=\"font-family: helvetica, arial, sans-serif;\">PIOM 2018<\/span><\/a><\/p>","protected":false},"excerpt":{"rendered":"<p>Fotos de Helder Ferreira: Dia 1 &#8211; Dist\u00e2ncia M\u00e9dia Dia 1 &#8211; Sprint Dia 2 &#8211; Dist\u00e2ncia Longa Fotos de Filipe Reinoite: Dia 2 &#8211; Dist\u00e2ncia Longa &#8211; 1 Dia 2 &#8211; Dist\u00e2ncia Longa &#8211; 2 Dia 2 &#8211; Dist\u00e2ncia Longa &#8211; 3 Dia 2 &#8211; Dist\u00e2ncia Longa &#8211; 4 Dia 2 &#8211; Dist\u00e2ncia Longa &hellip; <a href=\"http:\/\/eventos.coc.pt\/piom2018\/fotos\/\" class=\"more-link\">Continuar a ler <span class=\"screen-reader-text\">Fotos<\/span><\/a><\/p>\n","protected":false},"author":1,"featured_media":0,"parent":0,"menu_order":4,"comment_status":"closed","ping_status":"closed","template":"","meta":{"footnotes":""},"class_list":["post-121","page","type-page","status-publish","hentry"],"_links":{"self":[{"href":"http:\/\/eventos.coc.pt\/piom2018\/wp-json\/wp\/v2\/pages\/121","targetHints":{"allow":["GET"]}}],"collection":[{"href":"http:\/\/eventos.coc.pt\/piom2018\/wp-json\/wp\/v2\/pages"}],"about":[{"href":"http:\/\/eventos.coc.pt\/piom2018\/wp-json\/wp\/v2\/types\/page"}],"author":[{"embeddable":true,"href":"http:\/\/eventos.coc.pt\/piom2018\/wp-json\/wp\/v2\/users\/1"}],"replies":[{"embeddable":true,"href":"http:\/\/eventos.coc.pt\/piom2018\/wp-json\/wp\/v2\/comments?post=121"}],"version-history":[{"count":17,"href":"http:\/\/eventos.coc.pt\/piom2018\/wp-json\/wp\/v2\/pages\/121\/revisions"}],"predecessor-version":[{"id":979,"href":"http:\/\/eventos.coc.pt\/piom2018\/wp-json\/wp\/v2\/pages\/121\/revisions\/979"}],"wp:attachment":[{"href":"http:\/\/eventos.coc.pt\/piom2018\/wp-json\/wp\/v2\/media?parent=121"}],"curies":[{"name":"wp","href":"https:\/\/api.w.org\/{rel}","templated":true}]}}