{"id":1324,"date":"2025-09-30T19:06:38","date_gmt":"2025-09-30T19:06:38","guid":{"rendered":"https:\/\/eventos.coc.pt\/26gpra4\/?page_id=1324"},"modified":"2025-10-07T21:01:50","modified_gmt":"2025-10-07T21:01:50","slug":"temp-o","status":"publish","type":"page","link":"https:\/\/eventos.coc.pt\/26gpra4\/temp-o\/","title":{"rendered":"Temp-O"},"content":{"rendered":"<p><span style=\"font-size: 18pt\"><b>Programa:<\/b><\/span><\/p>\n<p><span style=\"font-weight: 400\">15 Novembro<\/span><\/p>\n<p><span style=\"font-weight: 400\">8:30 -Abertura da Quarentena e Abertura do Secretariado do TempO<\/span><\/p>\n<p><span style=\"font-weight: 400\">9:00 &#8211; 1\u00aa Partida e Fecho da Quarentena<\/span><\/p>\n<p><span style=\"font-weight: 400\">11:20 &#8211; Hora prevista para entrega de solu\u00e7\u00f5es no secretariado (15min ap\u00f3s o \u00faltimo atleta concluir a esta\u00e7\u00e3o 5)\u00a0<\/span><\/p>\n<p><span style=\"font-weight: 400\">16h15 \u2013 Cerim\u00f3nia de Entrega de Pr\u00e9mios (Na arena da prova pedestre)<\/span><\/p>\n<p><span style=\"font-size: 18pt\"><b>Dire\u00e7\u00e3o de prova:<\/b><\/span><\/p>\n<p><span style=\"font-weight: 400\">Diretor do Evento: Dinis Santo<\/span><\/p>\n<p><span style=\"font-weight: 400\">Supervisor FPO: Alexandre Reis<\/span><\/p>\n<p><span style=\"font-weight: 400\">Cartografia: Alexandre Reis<\/span><\/p>\n<p><span style=\"font-weight: 400\">Tra\u00e7ador Percursos: Dinis Santo<\/span><\/p>\n<p><span style=\"font-weight: 400\">Impress\u00e3o Mapas: COC<\/span><\/p>\n<p><span style=\"font-size: 18pt\"><b>Localiza\u00e7\u00e3o:<\/b><\/span><\/p>\n<p><span style=\"font-weight: 400\">Estacionamento:<\/span><a href=\"https:\/\/share.google\/cXkcKRu9mWJf0i6gd\"><b> 39.675806, -9.007899<\/b><\/a><span style=\"font-weight: 400\"> (\u00e1rea envolvente \u00e0 piscina)<\/span><\/p>\n<p><span style=\"font-weight: 400\">Quarentena: <\/span><a href=\"https:\/\/share.google\/U1cu9UE7A4rVqv0GF\"><b>39.676068, -9.008898 <\/b><\/a><span style=\"font-weight: 400\">(Piscinas de Pataias)<\/span><\/p>\n<p><span style=\"font-weight: 400\">Partidas: Na quarentena\u00a0<\/span><\/p>\n<p>Secretariado: Na quarentena<\/p>\n<p><span style=\"font-size: 18pt\"><b>Descri\u00e7\u00e3o Terreno:<\/b><\/span><\/p>\n<p><span style=\"font-weight: 400\">Terreno de Floresta de pinhal com micro relevo de dunas de areia.<\/span><\/p>\n<p><span style=\"font-size: 18pt\"><b>Mapa:<\/b><\/span><\/p>\n<p><span style=\"font-weight: 400\">Escala: 1\/4000<\/span><\/p>\n<p><span style=\"font-weight: 400\">Equidist\u00e2ncia: 2,5m<\/span><\/p>\n<p><span style=\"font-weight: 400\">Cartografia: ISSprom 2019-2<\/span><\/p>\n<p><span style=\"font-weight: 400\">Di\u00e2metro dos c\u00edrculos dos mapas de prova 7cm<\/span><\/p>\n<p><img loading=\"lazy\" decoding=\"async\" class=\"aligncenter wp-image-1328 size-medium\" src=\"http:\/\/eventos.coc.pt\/26gpra4\/wp-content\/uploads\/sites\/31\/2025\/10\/mapa-TempO_sample-300x288.jpg\" alt=\"\" width=\"300\" height=\"288\" srcset=\"https:\/\/eventos.coc.pt\/26gpra4\/wp-content\/uploads\/sites\/31\/2025\/10\/mapa-TempO_sample-300x288.jpg 300w, https:\/\/eventos.coc.pt\/26gpra4\/wp-content\/uploads\/sites\/31\/2025\/10\/mapa-TempO_sample-768x736.jpg 768w, https:\/\/eventos.coc.pt\/26gpra4\/wp-content\/uploads\/sites\/31\/2025\/10\/mapa-TempO_sample.jpg 853w\" sizes=\"auto, (max-width: 300px) 100vw, 300px\" \/><\/p>\n<p><span style=\"font-size: 18pt\"><b>Percurso<\/b><\/span><\/p>\n<p><span style=\"font-weight: 400\">N\u00ba de esta\u00e7\u00f5es: 5<\/span><\/p>\n<p><span style=\"font-weight: 400\">N\u00ba de desafios por esta\u00e7\u00e3o: 5<\/span><\/p>\n<p><span style=\"font-weight: 400\">Dist\u00e2ncia total do percurso: 1750 <\/span><span style=\"font-weight: 400\">mts<\/span><\/p>\n<p>Dist\u00e2ncia da ultima esta\u00e7\u00e3o \u00e0 zona de estacionamento: 750 mts<\/p>\n<p><span style=\"font-weight: 400\">Toler\u00e2ncia para resposta Z (zero): 4 mts<\/span><\/p>\n<p><span style=\"font-size: 18pt\"><b>Notas:<\/b><\/span><\/p>\n<p><span style=\"font-weight: 400\">Os atletas ao partirem devem respeitar as indica\u00e7\u00f5es da organiza\u00e7\u00e3o.<\/span><\/p>\n<p><span style=\"font-weight: 400\">Alertamos para alguns fatores a ter em considera\u00e7\u00e3o:<\/span><\/p>\n<ul>\n<li style=\"font-weight: 400\"><span style=\"font-weight: 400\">A prova vai ser realizada junto a uma estrada que tem tr\u00e1fego autom\u00f3vel, pelo que devem ter o m\u00e1ximo de prud\u00eancia;\u00a0<\/span><\/li>\n<li style=\"font-weight: 400\"><span style=\"font-weight: 400\">Sempre que poss\u00edvel o atleta deve andar na ciclovia paralela \u00e0 estrada;<\/span><\/li>\n<li style=\"font-weight: 400\"><span style=\"font-weight: 400\">Quando n\u00e3o existe ciclovia deve ter aten\u00e7\u00e3o e cumprir as regras de circula\u00e7\u00e3o dos pe\u00f5es, circular na berma de frente para o sentido do tr\u00e2nsito;<\/span><\/li>\n<li>Para as pessoas com mobilidade reduzida ir\u00e1 haver um transporte para ajudar a locomover entre esta\u00e7\u00f5es (joelete)<\/li>\n<\/ul>\n<p><span style=\"color: #000000\"><span style=\"font-weight: 400\">Em determinados pontos do percurso <\/span><span style=\"font-weight: 400\">poder\u00e1 haver\u00a0 se forem poucos cruzamento de atletas que j\u00e1 conclu\u00edram algumas esta\u00e7\u00f5es ou at\u00e9 a totalidade do percurso, com atletas que est\u00e3o a iniciar ou a executar a sua prova. Apela-se ao fair-play para que n\u00e3o haja di\u00e1logo entre participantes.<\/span><span style=\"font-weight: 400\"> \u00a0<\/span><\/span><\/p>\n<p>Ap\u00f3s a conclus\u00e3o do percurso o atleta deve regressar fica impedido de dialogar com qualquer outro atleta que ainda esteja em competi\u00e7\u00e3o. O incumprimento deste aviso implica a desclassifica\u00e7\u00e3o de ambos os atletas.<\/p>\n<p><span style=\"font-size: 18pt\"><b>\u00a0<\/b><b>Acessibilidade:<\/b><\/span><\/p>\n<p><span style=\"font-weight: 400\">A entrada para o estacionamento tem de ser feita pela estrada <\/span><strong><em>R. Nossa Sra. da Vit\u00f3ria<\/em><\/strong><span style=\"font-weight: 400\"> esta deve ser abordada pela rotunda no centro da vila cuja as coordenadas passamos a identificar. <\/span><a href=\"https:\/\/share.google\/fTE6Tn11ZhK0xuQE0\"><span style=\"font-weight: 400\">39.670415, -8.995012<\/span><\/a><\/p>\n<p><b>Apela-se ao fair-play dos participantes para que sigam esta recomenda\u00e7\u00e3o da organiza\u00e7\u00e3o.<\/b><\/p>\n<p><span style=\"font-size: 18pt\"><b>Procedimento da prova:<\/b><\/span><\/p>\n<p><span style=\"font-weight: 400\">Por forma a agilizar o fluxo da prova e reduzir os recursos humanos, o procedimento de execu\u00e7\u00e3o das esta\u00e7\u00f5es cronometradas ser\u00e1 simplificado:<\/span><\/p>\n<ul>\n<li style=\"font-weight: 400\"><span style=\"font-weight: 400\">O atleta deve seguir a sinaliza\u00e7\u00e3o desde a partida at\u00e9 a \u00faltima esta\u00e7\u00e3o e da\u00ed at\u00e9 ao estacionamento junto \u00e0 quarentena.<\/span><\/li>\n<li style=\"font-weight: 400\"><span style=\"font-weight: 400\">Ao longo do percurso encontrar\u00e1 placas de \u201cSTOP\u201d onde deve aguardar por um elemento da organiza\u00e7\u00e3o que acompanhar\u00e1 o atleta at\u00e9 \u00e0 esta\u00e7\u00e3o com o aux\u00edlio de um chap\u00e9u de chuva.<\/span><\/li>\n<li style=\"font-weight: 400\"><span style=\"font-weight: 400\">Assim que chegar \u00e0 esta\u00e7\u00e3o, o atleta dever\u00e1 escolher o conjunto de mapas (livro ou folhas soltas) e indicar se vai falar (Alfabeto Fon\u00e9tico) ou apontar (numa t\u00e1bua de madeira).<\/span><\/li>\n<li style=\"font-weight: 400\"><span style=\"font-weight: 400\">Logo depois um elemento da organiza\u00e7\u00e3o mostra as 6 balizas da esta\u00e7\u00e3o e o tempo come\u00e7a.<\/span><\/li>\n<li style=\"font-weight: 400\"><span style=\"font-weight: 400\">Depois de realizados os desafios, um elemento da organiza\u00e7\u00e3o copia as respostas para o cart\u00e3o do atleta e d\u00e1 indica\u00e7\u00f5es de como se dirigir para a esta\u00e7\u00e3o seguinte.<\/span><\/li>\n<li style=\"font-weight: 400\"><span style=\"font-weight: 400\">Entre esta\u00e7\u00f5es pode existir um tro\u00e7o do percurso em que o atleta n\u00e3o necessita de acompanhamento do chap\u00e9u de chuva devendo nesta situa\u00e7\u00e3o seguir a sinaliza\u00e7\u00e3o.<\/span><\/li>\n<\/ul>\n<p><span style=\"font-size: 18pt\"><b>Reclama\u00e7\u00f5es e Protestos:<\/b><\/span><\/p>\n<p><span style=\"font-weight: 400\">Local: Secretariado (quarentena, partida)<\/span><\/p>\n<ol>\n<li style=\"font-weight: 400\"><span style=\"font-weight: 400\">Reclama\u00e7\u00f5es &#8211; O prazo para reclama\u00e7\u00e3o expira 15 minutos ap\u00f3s a fixa\u00e7\u00e3o das classifica\u00e7\u00f5es finais.<\/span><\/li>\n<li style=\"font-weight: 400\"><span style=\"font-weight: 400\">Protesto &#8211; O prazo para protesto expira 15 minutos ap\u00f3s a fixa\u00e7\u00e3o da classifica\u00e7\u00e3o final recorrente de uma reclama\u00e7\u00e3o.\u00a0<\/span><\/li>\n<\/ol>\n<p><span style=\"font-weight: 400\">O protesto tem uma cau\u00e7\u00e3o de <\/span><strong>50\u20ac <\/strong><span style=\"font-weight: 400\">que ser\u00e1 devolvida ao atleta se o protesto tiver acolhimento favor\u00e1vel por parte do j\u00fari t\u00e9cnico.\u00a0 <\/span><\/p>\n","protected":false},"excerpt":{"rendered":"<p>Programa: 15 Novembro 8:30 -Abertura da Quarentena e Abertura do Secretariado do TempO 9:00 &#8211; 1\u00aa Partida e Fecho da Quarentena 11:20 &#8211; Hora prevista para entrega de solu\u00e7\u00f5es no secretariado (15min ap\u00f3s o \u00faltimo atleta concluir a esta\u00e7\u00e3o 5)\u00a0 16h15 \u2013 Cerim\u00f3nia de Entrega de Pr\u00e9mios (Na arena da prova pedestre) Dire\u00e7\u00e3o de prova: &hellip; <a href=\"https:\/\/eventos.coc.pt\/26gpra4\/temp-o\/\" class=\"more-link\">Continuar a ler <span class=\"screen-reader-text\">Temp-O<\/span><\/a><\/p>\n","protected":false},"author":10,"featured_media":0,"parent":0,"menu_order":0,"comment_status":"closed","ping_status":"closed","template":"","meta":{"footnotes":""},"class_list":["post-1324","page","type-page","status-publish","hentry"],"_links":{"self":[{"href":"https:\/\/eventos.coc.pt\/26gpra4\/wp-json\/wp\/v2\/pages\/1324","targetHints":{"allow":["GET"]}}],"collection":[{"href":"https:\/\/eventos.coc.pt\/26gpra4\/wp-json\/wp\/v2\/pages"}],"about":[{"href":"https:\/\/eventos.coc.pt\/26gpra4\/wp-json\/wp\/v2\/types\/page"}],"author":[{"embeddable":true,"href":"https:\/\/eventos.coc.pt\/26gpra4\/wp-json\/wp\/v2\/users\/10"}],"replies":[{"embeddable":true,"href":"https:\/\/eventos.coc.pt\/26gpra4\/wp-json\/wp\/v2\/comments?post=1324"}],"version-history":[{"count":6,"href":"https:\/\/eventos.coc.pt\/26gpra4\/wp-json\/wp\/v2\/pages\/1324\/revisions"}],"predecessor-version":[{"id":1333,"href":"https:\/\/eventos.coc.pt\/26gpra4\/wp-json\/wp\/v2\/pages\/1324\/revisions\/1333"}],"wp:attachment":[{"href":"https:\/\/eventos.coc.pt\/26gpra4\/wp-json\/wp\/v2\/media?parent=1324"}],"curies":[{"name":"wp","href":"https:\/\/api.w.org\/{rel}","templated":true}]}}