{"id":19,"date":"2016-09-02T15:32:36","date_gmt":"2016-09-02T15:32:36","guid":{"rendered":"http:\/\/eventos.coc.pt\/piom2018\/?page_id=19"},"modified":"2025-04-22T07:38:27","modified_gmt":"2025-04-22T07:38:27","slug":"localizacao","status":"publish","type":"page","link":"https:\/\/eventos.coc.pt\/liom2025\/localizacao\/","title":{"rendered":"Localiza\u00e7\u00e3o"},"content":{"rendered":"<p>Obter todas as localiza\u00e7\u00f5es pelo GOOGLE MAPS: <strong><span style=\"color: #0000ff;\"><a style=\"color: #0000ff;\" href=\"https:\/\/www.google.com\/maps\/d\/u\/0\/edit?mid=1maZkr2aCBDaloKOSgD9Tx6JPgntRMQE&amp;usp=sharing\">AQUI<\/a><\/span><\/strong><\/p>\n<p><strong>Localiza\u00e7\u00f5es macro das etapas | Evento<\/strong><\/p>\n<p><img loading=\"lazy\" decoding=\"async\" class=\"aligncenter wp-image-895 size-large\" src=\"http:\/\/eventos.coc.pt\/liom2025\/wp-content\/uploads\/sites\/30\/2025\/04\/WhatsApp-Image-2025-04-02-at-22.13.41-724x1024.jpeg\" alt=\"\" width=\"660\" height=\"933\" srcset=\"https:\/\/eventos.coc.pt\/liom2025\/wp-content\/uploads\/sites\/30\/2025\/04\/WhatsApp-Image-2025-04-02-at-22.13.41-724x1024.jpeg 724w, https:\/\/eventos.coc.pt\/liom2025\/wp-content\/uploads\/sites\/30\/2025\/04\/WhatsApp-Image-2025-04-02-at-22.13.41-212x300.jpeg 212w, https:\/\/eventos.coc.pt\/liom2025\/wp-content\/uploads\/sites\/30\/2025\/04\/WhatsApp-Image-2025-04-02-at-22.13.41-768x1086.jpeg 768w, https:\/\/eventos.coc.pt\/liom2025\/wp-content\/uploads\/sites\/30\/2025\/04\/WhatsApp-Image-2025-04-02-at-22.13.41.jpeg 1078w\" sizes=\"auto, (max-width: 660px) 100vw, 660px\" \/><\/p>\n<p>&nbsp;<\/p>\n<p><strong>Zonas de Competi\u00e7\u00e3o<\/strong><\/p>\n<p><strong>Sexta-feira dia 25 ap\u00f3s as 13h00 e S\u00e1bado dia 26 ap\u00f3s as 08h00<\/strong><\/p>\n<p><u>Etapas de M\u00e9dia e Longa \u2013 Mapa de Vila do Touro Carvalhal<\/u><\/p>\n<p><strong>Secretariado &#8211; <\/strong>Associa\u00e7\u00e3o de Vila do Touro, Coordenadas 40.414270, -7.104999 (dist\u00e2ncia do Parking entre 200 mts at\u00e9 500 mts a p\u00e9)<\/p>\n<p><strong>Parking e\u00a0<\/strong><\/p>\n<p><img loading=\"lazy\" decoding=\"async\" class=\"aligncenter wp-image-880 size-large\" src=\"http:\/\/eventos.coc.pt\/liom2025\/wp-content\/uploads\/sites\/30\/2025\/03\/WhatsApp-Image-2025-03-18-at-22.39.32-513x1024.jpeg\" alt=\"\" width=\"513\" height=\"1024\" srcset=\"https:\/\/eventos.coc.pt\/liom2025\/wp-content\/uploads\/sites\/30\/2025\/03\/WhatsApp-Image-2025-03-18-at-22.39.32-513x1024.jpeg 513w, https:\/\/eventos.coc.pt\/liom2025\/wp-content\/uploads\/sites\/30\/2025\/03\/WhatsApp-Image-2025-03-18-at-22.39.32-150x300.jpeg 150w, https:\/\/eventos.coc.pt\/liom2025\/wp-content\/uploads\/sites\/30\/2025\/03\/WhatsApp-Image-2025-03-18-at-22.39.32-768x1532.jpeg 768w, https:\/\/eventos.coc.pt\/liom2025\/wp-content\/uploads\/sites\/30\/2025\/03\/WhatsApp-Image-2025-03-18-at-22.39.32-770x1536.jpeg 770w, https:\/\/eventos.coc.pt\/liom2025\/wp-content\/uploads\/sites\/30\/2025\/03\/WhatsApp-Image-2025-03-18-at-22.39.32.jpeg 802w\" sizes=\"auto, (max-width: 513px) 100vw, 513px\" \/><\/p>\n<p>&nbsp;<\/p>\n<p>&nbsp;<\/p>\n<p><strong>S\u00e1bado dia 26 abril, ap\u00f3s as 15h30<\/strong><\/p>\n<p><u>Etapa de Sprint &#8211; Mapa de Penamacor<\/u><\/p>\n<p><strong>Secretariado, Parking, Quarentena e Partida &#8211;<\/strong> No Pavilh\u00e3o Gimnodesportivo de Penamacor<\/p>\n<p><img loading=\"lazy\" decoding=\"async\" class=\"aligncenter wp-image-814 size-full\" src=\"http:\/\/eventos.coc.pt\/liom2025\/wp-content\/uploads\/sites\/30\/2025\/02\/WhatsApp-Image-2025-02-04-at-21.03.13.jpeg\" alt=\"\" width=\"1600\" height=\"1091\" srcset=\"https:\/\/eventos.coc.pt\/liom2025\/wp-content\/uploads\/sites\/30\/2025\/02\/WhatsApp-Image-2025-02-04-at-21.03.13.jpeg 1600w, https:\/\/eventos.coc.pt\/liom2025\/wp-content\/uploads\/sites\/30\/2025\/02\/WhatsApp-Image-2025-02-04-at-21.03.13-300x205.jpeg 300w, https:\/\/eventos.coc.pt\/liom2025\/wp-content\/uploads\/sites\/30\/2025\/02\/WhatsApp-Image-2025-02-04-at-21.03.13-1024x698.jpeg 1024w, https:\/\/eventos.coc.pt\/liom2025\/wp-content\/uploads\/sites\/30\/2025\/02\/WhatsApp-Image-2025-02-04-at-21.03.13-768x524.jpeg 768w, https:\/\/eventos.coc.pt\/liom2025\/wp-content\/uploads\/sites\/30\/2025\/02\/WhatsApp-Image-2025-02-04-at-21.03.13-1536x1047.jpeg 1536w\" sizes=\"auto, (max-width: 1600px) 100vw, 1600px\" \/><\/p>\n<p><strong>Domingo dia 27 abril, ap\u00f3s as 08h00<\/strong><\/p>\n<p><u>Etapa de M\u00e9dia e Cerim\u00f3nia entrega pr\u00e9mios \u2013 Mapa da Rach\u00e3 (\u00c1guas)<\/u><\/p>\n<p><strong>Secretariado &#8211; <\/strong>Na Rach\u00e3 junto ao Parking<\/p>\n<p><strong>Parking e Localiza\u00e7\u00f5es<\/strong><\/p>\n<p><img loading=\"lazy\" decoding=\"async\" class=\"aligncenter wp-image-815 size-full\" src=\"http:\/\/eventos.coc.pt\/liom2025\/wp-content\/uploads\/sites\/30\/2025\/02\/WhatsApp-Image-2025-02-04-at-21.04.45.jpeg\" alt=\"\" width=\"1600\" height=\"1352\" srcset=\"https:\/\/eventos.coc.pt\/liom2025\/wp-content\/uploads\/sites\/30\/2025\/02\/WhatsApp-Image-2025-02-04-at-21.04.45.jpeg 1600w, https:\/\/eventos.coc.pt\/liom2025\/wp-content\/uploads\/sites\/30\/2025\/02\/WhatsApp-Image-2025-02-04-at-21.04.45-300x254.jpeg 300w, https:\/\/eventos.coc.pt\/liom2025\/wp-content\/uploads\/sites\/30\/2025\/02\/WhatsApp-Image-2025-02-04-at-21.04.45-1024x865.jpeg 1024w, https:\/\/eventos.coc.pt\/liom2025\/wp-content\/uploads\/sites\/30\/2025\/02\/WhatsApp-Image-2025-02-04-at-21.04.45-768x649.jpeg 768w, https:\/\/eventos.coc.pt\/liom2025\/wp-content\/uploads\/sites\/30\/2025\/02\/WhatsApp-Image-2025-02-04-at-21.04.45-1536x1298.jpeg 1536w\" sizes=\"auto, (max-width: 1600px) 100vw, 1600px\" \/><\/p>\n<p><strong>Solo Duro e Banhos<\/strong><\/p>\n<p><strong>Solo Duro 1 &#8211; <\/strong>Pavilh\u00e3o Gimnodesportivo do Agrupamento de Escolas do Sabugal, Coordenadas <u>40.354782, -7.085481<\/u><\/p>\n<p><strong>Solo Duro 2 <\/strong><strong>&#8211;<\/strong> Pavilh\u00e3o Gimnodesportivo de Penamacor, Coordenadas 40.170371, -7.175081<\/p>\n<p><strong>Solo Duro 3<\/strong> &#8211; Pavilh\u00e3o Gimnodesportivo do Agrupamento de Escolas 2\/3 Ribeiro Sanches em Penamacor, Coordenadas 40.165116, -7.178555<\/p>\n<p>(Consultar hor\u00e1rios de funcionamento dos soldos duros nas <a href=\"https:\/\/eventos.coc.pt\/liom2025\/informacoes-gerais\/\">informa\u00e7\u00f5es gerais<\/a>)<\/p>\n<p><strong>Dist\u00e2ncias entre pontos de refer\u00eancia e a \u00e1rea do evento<\/strong><\/p>\n<table width=\"660\">\n<tbody>\n<tr>\n<td width=\"217\"><strong>De<\/strong><\/td>\n<td width=\"217\"><strong>Para<\/strong><\/td>\n<td width=\"217\"><strong>Kms \/ Tempo<\/strong><\/td>\n<\/tr>\n<tr>\n<td width=\"217\"><strong>Lisboa (aeroporto)<\/strong><\/td>\n<td width=\"217\"><strong>Penamacor<\/strong><\/td>\n<td width=\"217\"><strong>280 km \/ 3 horas<\/strong><\/td>\n<\/tr>\n<tr>\n<td width=\"217\"><strong>Porto (aeroporto)<\/strong><\/td>\n<td width=\"217\"><strong>Penamacor<\/strong><\/td>\n<td width=\"217\"><strong>280 km \/ 3 horas<\/strong><\/td>\n<\/tr>\n<tr>\n<td width=\"217\"><strong>Madrid<\/strong><\/td>\n<td width=\"217\"><strong>Penamacor<\/strong><\/td>\n<td width=\"217\"><strong>360 km \/ 4 horas<\/strong><\/td>\n<\/tr>\n<tr>\n<td width=\"217\"><strong>Lisboa (aeroporto)<\/strong><\/td>\n<td width=\"217\"><strong>Sabugal<\/strong><\/td>\n<td width=\"217\"><strong>310 kms \/ 3h10m<\/strong><\/td>\n<\/tr>\n<tr>\n<td width=\"217\"><strong>Porto (aeroporto)<\/strong><\/td>\n<td width=\"217\"><strong>Sabugal<\/strong><\/td>\n<td width=\"217\"><strong>240 Kms \/ 2h30m<\/strong><\/td>\n<\/tr>\n<tr>\n<td width=\"217\"><strong>Madrid<\/strong><\/td>\n<td width=\"217\"><strong>Sabugal<\/strong><\/td>\n<td width=\"217\"><strong>365 Kms \/ 4 horas<\/strong><\/td>\n<\/tr>\n<tr>\n<td width=\"217\"><strong>Sabugal<\/strong><\/td>\n<td width=\"217\"><strong>Vila do Touro<\/strong><\/td>\n<td width=\"217\"><strong>15 km \/ 17 minutos<\/strong><\/td>\n<\/tr>\n<tr>\n<td width=\"217\"><strong>Penamacor<\/strong><\/td>\n<td width=\"217\"><strong>Vila do Touro<\/strong><\/td>\n<td width=\"217\"><strong>45 Km \/ 1 hora<\/strong><\/td>\n<\/tr>\n<tr>\n<td width=\"217\"><strong>Sabugal<\/strong><\/td>\n<td width=\"217\"><strong>Penamacor<\/strong><\/td>\n<td width=\"217\"><strong>34 km \/ 35 minutos<\/strong><\/td>\n<\/tr>\n<tr>\n<td width=\"217\"><strong>Penamacor<\/strong><\/td>\n<td width=\"217\"><strong>Rach\u00e3<\/strong><\/td>\n<td width=\"217\"><strong>12 km \/ 15 minutos<\/strong><\/td>\n<\/tr>\n<\/tbody>\n<\/table>\n<p><strong>\u00a0<\/strong><\/p>\n","protected":false},"excerpt":{"rendered":"<p>Obter todas as localiza\u00e7\u00f5es pelo GOOGLE MAPS: AQUI Localiza\u00e7\u00f5es macro das etapas | Evento &nbsp; Zonas de Competi\u00e7\u00e3o Sexta-feira dia 25 ap\u00f3s as 13h00 e S\u00e1bado dia 26 ap\u00f3s as 08h00 Etapas de M\u00e9dia e Longa \u2013 Mapa de Vila do Touro Carvalhal Secretariado &#8211; Associa\u00e7\u00e3o de Vila do Touro, Coordenadas 40.414270, -7.104999 (dist\u00e2ncia do &hellip; <a href=\"https:\/\/eventos.coc.pt\/liom2025\/localizacao\/\" class=\"more-link\">Continuar a ler <span class=\"screen-reader-text\">Localiza\u00e7\u00e3o<\/span><\/a><\/p>\n","protected":false},"author":1,"featured_media":0,"parent":0,"menu_order":9,"comment_status":"closed","ping_status":"closed","template":"","meta":{"footnotes":""},"class_list":["post-19","page","type-page","status-publish","hentry"],"_links":{"self":[{"href":"https:\/\/eventos.coc.pt\/liom2025\/wp-json\/wp\/v2\/pages\/19","targetHints":{"allow":["GET"]}}],"collection":[{"href":"https:\/\/eventos.coc.pt\/liom2025\/wp-json\/wp\/v2\/pages"}],"about":[{"href":"https:\/\/eventos.coc.pt\/liom2025\/wp-json\/wp\/v2\/types\/page"}],"author":[{"embeddable":true,"href":"https:\/\/eventos.coc.pt\/liom2025\/wp-json\/wp\/v2\/users\/1"}],"replies":[{"embeddable":true,"href":"https:\/\/eventos.coc.pt\/liom2025\/wp-json\/wp\/v2\/comments?post=19"}],"version-history":[{"count":56,"href":"https:\/\/eventos.coc.pt\/liom2025\/wp-json\/wp\/v2\/pages\/19\/revisions"}],"predecessor-version":[{"id":940,"href":"https:\/\/eventos.coc.pt\/liom2025\/wp-json\/wp\/v2\/pages\/19\/revisions\/940"}],"wp:attachment":[{"href":"https:\/\/eventos.coc.pt\/liom2025\/wp-json\/wp\/v2\/media?parent=19"}],"curies":[{"name":"wp","href":"https:\/\/api.w.org\/{rel}","templated":true}]}}